{"id":102,"date":"2015-03-30T19:27:15","date_gmt":"2015-03-30T19:27:15","guid":{"rendered":"http:\/\/api-colomiers.com\/heleneboucher\/?page_id=102"},"modified":"2026-03-11T23:07:31","modified_gmt":"2026-03-11T22:07:31","slug":"elementaire-2","status":"publish","type":"page","link":"https:\/\/www.api-colomiers.com\/heleneboucher\/elementaire-2\/","title":{"rendered":"Primaire"},"content":{"rendered":"\n<p><\/p>\n\n\n<div id=\"main\" class=\"clearfix\">\n<div class=\"inner-wrap\">\n<div id=\"primary\">\n<div id=\"content\" class=\"clearfix\">\n<article id=\"post-23\" class=\"post-23 page type-page status-publish hentry\">\n<div class=\"entry-content clearfix\">\n<p><strong>Primaire (Maternelle et El\u00e9mentaire<\/strong>):\u00a0<\/p>\n<p><strong>Compte-rendu du Conseil d&rsquo;\u00e9cole \u00e9l\u00e9mentaire du 16 F\u00e9vrier 2026.<\/strong><\/p>\n<p>Cliquer ici : <a href=\"https:\/\/www.api-colomiers.com\/heleneboucher\/wp-content\/uploads\/2026\/03\/Primaire-PV-CE2-160226.pdf\">PV CE2 Primaire 16 f\u00e9vrier 2026<\/a><\/p>\n<p>&#8212;&#8212;&#8212;&#8212;&#8212;&#8212;&#8212;&#8212;&#8212;&#8212;&#8212;&#8212;&#8212;&#8212;&#8212;&#8212;&#8212;&#8212;&#8212;&#8212;&#8212;&#8212;&#8212;&#8212;&#8212;&#8212;&#8212;&#8212;&#8212;&#8212;-<\/p>\n<p><strong>Primaire (Maternelle et El\u00e9mentaire)<\/strong>\u00a0:\u00a0<\/p>\n<p><strong>Compte-rendu du Conseil d&rsquo;\u00e9cole \u00e9l\u00e9mentaire du 14 Octobre 2025.<\/strong><\/p>\n<p>Cliquer ici : <a href=\"https:\/\/www.api-colomiers.com\/heleneboucher\/wp-content\/uploads\/2025\/11\/Primaire-PV-CE1-141025.pdf\" target=\"_blank\" rel=\"noreferrer noopener\">PV CE Primaire 14 octobre 2025<\/a><\/p>\n<p>&#8212;&#8212;&#8212;&#8212;&#8212;&#8212;&#8212;&#8212;&#8212;&#8212;&#8212;&#8212;&#8212;&#8212;&#8212;&#8212;&#8212;&#8212;&#8212;&#8212;&#8212;&#8212;&#8212;&#8212;&#8212;&#8212;&#8212;&#8212;&#8212;&#8212;-<\/p>\n<p><strong>El\u00e9mentaire<\/strong> :\u00a0<\/p>\n<p><strong>Compte-rendu du Conseil d&rsquo;\u00e9cole \u00e9l\u00e9mentaire du 19 Juin 2025.<\/strong><\/p>\n<p>Cliquer ici : <a href=\"https:\/\/www.api-colomiers.com\/heleneboucher\/wp-content\/uploads\/2025\/06\/Elem-PV-CE3-19062025.pdf\" target=\"_blank\" rel=\"noopener\">2025 PV CE El\u00e9mentaire Juin2025<\/a><\/p>\n<p>&#8212;&#8212;&#8212;&#8212;&#8212;&#8212;&#8212;&#8212;&#8212;&#8212;&#8212;&#8212;&#8212;&#8212;&#8212;&#8212;&#8212;&#8212;&#8212;&#8212;&#8212;&#8212;&#8212;&#8212;&#8212;&#8212;&#8212;&#8212;&#8212;&#8212;-<\/p>\n<p><strong>Compte-rendu du Conseil d&rsquo;\u00e9cole \u00e9l\u00e9mentaire du 10 Mars 2025.<\/strong><\/p>\n<p>Cliquer ici : <a href=\"https:\/\/www.api-colomiers.com\/heleneboucher\/wp-content\/uploads\/2025\/03\/Elem-PV-CE2-10032025.pdf\" target=\"_blank\" rel=\"noopener\">2025 PV CE El\u00e9mentaire Mars2025<\/a><\/p>\n<p>&#8212;&#8212;&#8212;&#8212;&#8212;&#8212;&#8212;&#8212;&#8212;&#8212;&#8212;&#8212;&#8212;&#8212;&#8212;&#8212;&#8212;&#8212;&#8212;&#8212;&#8212;&#8212;&#8212;&#8212;&#8212;&#8212;&#8212;&#8212;&#8212;&#8212;-<\/p>\n<p><strong>Compte-rendu du Conseil d&rsquo;\u00e9cole \u00e9l\u00e9mentaire extraordinaire du 06 f\u00e9vrier 2025.<\/strong><\/p>\n<p>&gt; Sujet : Projet de fusion des \u00e9coles \u00e9l\u00e9mentaires et maternelle<\/p>\n<p>Cliquer ici : <a href=\"https:\/\/www.api-colomiers.com\/heleneboucher\/wp-content\/uploads\/2025\/03\/PV-Conseil-Ecole-Extraordinaire-6fevrier2025.pdf\" target=\"_blank\" rel=\"noopener\">2025 PV CE El\u00e9mentaire Extra Fevrier2025<\/a><\/p>\n<p>&#8212;&#8212;&#8212;&#8212;&#8212;&#8212;&#8212;&#8212;&#8212;&#8212;&#8212;&#8212;&#8212;&#8212;&#8212;&#8212;&#8212;&#8212;&#8212;&#8212;&#8212;&#8212;&#8212;&#8212;&#8212;&#8212;&#8212;&#8212;&#8212;&#8212;-<\/p>\n<p><strong>Compte-rendu du Conseil d&rsquo;\u00e9cole \u00e9l\u00e9mentaire du 15 Octobre 2024.<\/strong><\/p>\n<p>Cliquer ici : <a href=\"https:\/\/www.api-colomiers.com\/heleneboucher\/wp-content\/uploads\/2024\/10\/Elem-PV-CE1-15102024.pdf\" target=\"_blank\" rel=\"noopener\">2024 PV CE El\u00e9mentaire Octobre2024<\/a><\/p>\n<p>&#8212;&#8212;&#8212;&#8212;&#8212;&#8212;&#8212;&#8212;&#8212;&#8212;&#8212;&#8212;&#8212;&#8212;&#8212;&#8212;&#8212;&#8212;&#8212;&#8212;&#8212;&#8212;&#8212;&#8212;&#8212;&#8212;&#8212;&#8212;&#8212;&#8212;-<\/p>\n<p><strong>Compte-rendu du Conseil d&rsquo;\u00e9cole \u00e9l\u00e9mentaire du 11 Juin 2024.<\/strong><\/p>\n<p>Cliquer ici : <a href=\"https:\/\/www.api-colomiers.com\/heleneboucher\/wp-content\/uploads\/2024\/07\/Elem-PV-CE3-11062024.pdf\" target=\"_blank\" rel=\"noopener\">2024 PV CE El\u00e9mentaire Juin2024<\/a><\/p>\n<p>&#8212;&#8212;&#8212;&#8212;&#8212;&#8212;&#8212;&#8212;&#8212;&#8212;&#8212;&#8212;&#8212;&#8212;&#8212;&#8212;&#8212;&#8212;&#8212;&#8212;&#8212;&#8212;&#8212;&#8212;&#8212;&#8212;&#8212;&#8212;&#8212;&#8212;-<\/p>\n<p><strong>Compte-rendu du Conseil d&rsquo;\u00e9cole \u00e9l\u00e9mentaire du 29 F\u00e9vrier 2024.<\/strong><\/p>\n<p>Cliquer ici : <a href=\"https:\/\/www.api-colomiers.com\/heleneboucher\/wp-content\/uploads\/2024\/04\/Elem-PV-CE2-29022024.pdf\" target=\"_blank\" rel=\"noopener\">2024 PV CE El\u00e9mentaire Fevrier2024<\/a><\/p>\n<p>&#8212;&#8212;&#8212;&#8212;&#8212;&#8212;&#8212;&#8212;&#8212;&#8212;&#8212;&#8212;&#8212;&#8212;&#8212;&#8212;&#8212;&#8212;&#8212;&#8212;&#8212;&#8212;&#8212;&#8212;&#8212;&#8212;&#8212;&#8212;&#8212;&#8212;-<\/p>\n<p><strong>Compte-rendu du Conseil d&rsquo;\u00e9cole \u00e9l\u00e9mentaire du 17 Octobre 2023.<\/strong><\/p>\n<p>Cliquer ici : <a href=\"https:\/\/www.api-colomiers.com\/heleneboucher\/wp-content\/uploads\/2023\/10\/Elem-PV-conseil-ecole-17octobre2023.pdf\" target=\"_blank\" rel=\"noopener\">2023 PV CE El\u00e9mentaire Octobre2023<\/a><\/p>\n<p>&#8212;&#8212;&#8212;&#8212;&#8212;&#8212;&#8212;&#8212;&#8212;&#8212;&#8212;&#8212;&#8212;&#8212;&#8212;&#8212;&#8212;&#8212;&#8212;&#8212;&#8212;&#8212;&#8212;&#8212;&#8212;&#8212;&#8212;&#8212;&#8212;&#8212;-<\/p>\n<p><strong>Compte-rendu du Conseil d&rsquo;\u00e9cole \u00e9l\u00e9mentaire du 19 Juin 2023.<\/strong><\/p>\n<p>Cliquer ici : <a href=\"https:\/\/www.api-colomiers.com\/heleneboucher\/wp-content\/uploads\/2023\/06\/Elem-PV-conseil-ecole-19juin2023.pdf\" target=\"_blank\" rel=\"noopener\">2023 PV CE El\u00e9mentaire Juin2023<\/a><\/p>\n<p>&#8212;&#8212;&#8212;&#8212;&#8212;&#8212;&#8212;&#8212;&#8212;&#8212;&#8212;&#8212;&#8212;&#8212;&#8212;&#8212;&#8212;&#8212;&#8212;&#8212;&#8212;&#8212;&#8212;&#8212;&#8212;&#8212;&#8212;&#8212;&#8212;&#8212;-<\/p>\n<p><strong>Compte-rendu du Conseil d&rsquo;\u00e9cole \u00e9l\u00e9mentaire du 16 F\u00e9vrier 2023.<\/strong><\/p>\n<p>Cliquer ici : <a href=\"https:\/\/www.api-colomiers.com\/heleneboucher\/wp-content\/uploads\/2023\/02\/Elem-PV-conseil-ecole-16fevrier2023.pdf\">2023 PV CE El\u00e9mentaire F\u00e9vrier2023<\/a><\/p>\n<p>&#8212;&#8212;&#8212;&#8212;&#8212;&#8212;&#8212;&#8212;&#8212;&#8212;&#8212;&#8212;&#8212;&#8212;&#8212;&#8212;&#8212;&#8212;&#8212;&#8212;&#8212;&#8212;&#8212;&#8212;&#8212;&#8212;&#8212;&#8212;&#8212;&#8212;-<\/p>\n<p><strong>Compte-rendu du Conseil d&rsquo;\u00e9cole \u00e9l\u00e9mentaire du 18 octobre 2022.<\/strong><\/p>\n<p>Cliquer ici : <a href=\"https:\/\/www.api-colomiers.com\/heleneboucher\/wp-content\/uploads\/2022\/11\/Compte-rendu-Conseil-Ecole-18octobre2022.pdf\" target=\"_blank\" rel=\"noopener\">2022 PV CE El\u00e9mentaire Octobre2022<\/a><\/p>\n<p>&#8212;&#8212;&#8212;&#8212;&#8212;&#8212;&#8212;&#8212;&#8212;&#8212;&#8212;&#8212;&#8212;&#8212;&#8212;&#8212;&#8212;&#8212;&#8212;&#8212;&#8212;&#8212;&#8212;&#8212;&#8212;&#8212;&#8212;&#8212;&#8212;&#8212;-<\/p>\n<p><strong>Compte-rendu du Conseil d&rsquo;\u00e9cole \u00e9l\u00e9mentaire du 23 juin 2022.<\/strong><\/p>\n<p>Cliquer ici : <a href=\"https:\/\/www.api-colomiers.com\/heleneboucher\/wp-content\/uploads\/2022\/07\/2022_PV_CE3_Elementaire_23juin.pdf\">2022 PV CE El\u00e9mentaire Juin22<\/a><\/p>\n<p>&#8212;&#8212;&#8212;&#8212;&#8212;&#8212;&#8212;&#8212;&#8212;&#8212;&#8212;&#8212;&#8212;&#8212;&#8212;&#8212;&#8212;&#8212;&#8212;&#8212;&#8212;&#8212;&#8212;&#8212;&#8212;&#8212;&#8212;&#8212;&#8212;&#8212;-<\/p>\n<p><strong>Compte-rendu du Conseil d&rsquo;\u00e9cole \u00e9l\u00e9mentaire du 15 f\u00e9vrier 2022.<\/strong><\/p>\n<p>Cliquer ici : <a href=\"https:\/\/www.api-colomiers.com\/heleneboucher\/wp-content\/uploads\/2022\/03\/2022-PV-CE-Elementaire-Fevrier22.pdf\">2022 PV CE El\u00e9mentaire F\u00e9vrier22<\/a><\/p>\n<p>&#8212;&#8212;&#8212;&#8212;&#8212;&#8212;&#8212;&#8212;&#8212;&#8212;&#8212;&#8212;&#8212;&#8212;&#8212;&#8212;&#8212;&#8212;&#8212;&#8212;&#8212;&#8212;&#8212;&#8212;&#8212;&#8212;&#8212;&#8212;&#8212;&#8212;-<\/p>\n<p><strong>Compte-rendu du Conseil d&rsquo;\u00e9cole \u00e9l\u00e9mentaire du 18 octobre 2021.<\/strong><\/p>\n<p>Cliquer ici : <a href=\"https:\/\/www.api-colomiers.com\/heleneboucher\/wp-content\/uploads\/2021\/10\/1-PV_CE_Elem_18102021.pdf\">2021 PV CE El\u00e9mentaire Octobre21<\/a><\/p>\n<p><a href=\"https:\/\/www.api-colomiers.com\/heleneboucher\/wp-content\/uploads\/2021\/10\/1-Documents-Conseil-Ecole.pdf\">1-Documents-Conseil-Ecole.pdf<\/a><\/p>\n<p>&#8212;&#8212;&#8212;&#8212;&#8212;&#8212;&#8212;&#8212;&#8212;&#8212;&#8212;&#8212;&#8212;&#8212;&#8212;&#8212;&#8212;&#8212;&#8212;&#8212;&#8212;&#8212;&#8212;&#8212;&#8212;&#8212;&#8212;&#8212;&#8212;&#8212;-<\/p>\n<p><strong>Compte-rendu du Conseil d&rsquo;\u00e9cole \u00e9l\u00e9mentaire du 14 juin 2021.<\/strong><\/p>\n<p>Cliquer ici : <a href=\"https:\/\/www.api-colomiers.com\/heleneboucher\/wp-content\/uploads\/2021\/06\/Compte-rendu-CE-elementaire-14-juin-21.pdf\">2021 PV CE El\u00e9mentaire Juin21<\/a><\/p>\n<p>&#8212;&#8212;&#8212;&#8212;&#8212;&#8212;&#8212;&#8212;&#8212;&#8212;&#8212;&#8212;&#8212;&#8212;&#8212;&#8212;&#8212;&#8212;&#8212;&#8212;&#8212;&#8212;&#8212;&#8212;&#8212;&#8212;&#8212;&#8212;&#8212;&#8212;-<\/p>\n<p><strong>Compte-rendu du Conseil d&rsquo;\u00e9cole \u00e9l\u00e9mentaire du 15 f\u00e9vrier 2021.<\/strong><\/p>\n<p>Cliquer ici : <a href=\"https:\/\/www.api-colomiers.com\/heleneboucher\/wp-content\/uploads\/2021\/03\/2021-PV-CE-Elementaire-Fevrier21.pdf\">2021 PV CE El\u00e9mentaire F\u00e9v21<\/a><\/p>\n<p>&#8212;&#8212;&#8212;&#8212;&#8212;&#8212;&#8212;&#8212;&#8212;&#8212;&#8212;&#8212;&#8212;&#8212;&#8212;&#8212;&#8212;&#8212;&#8212;&#8212;&#8212;&#8212;&#8212;&#8212;&#8212;&#8212;&#8212;&#8212;&#8212;&#8212;-<\/p>\n<p><strong>Compte-rendu du Conseil d&rsquo;\u00e9cole \u00e9l\u00e9mentaire du 15 octobre 2020.<\/strong><\/p>\n<p>Cliquer ici : <a href=\"https:\/\/www.api-colomiers.com\/heleneboucher\/wp-content\/uploads\/2020\/11\/Compte-rendu-CE-elementaire-15-oct-20.pdf\" target=\"_blank\" rel=\"noopener noreferrer\"><span style=\"color: #0000ff;\">2020 PV CE El\u00e9mentaire Oct20<\/span><\/a><\/p>\n<p>&#8212;&#8212;&#8212;&#8212;&#8212;&#8212;&#8212;&#8212;&#8212;&#8212;&#8212;&#8212;&#8212;&#8212;&#8212;&#8212;&#8212;&#8212;&#8212;&#8212;&#8212;&#8212;&#8212;&#8212;&#8212;&#8212;&#8212;&#8212;&#8212;&#8212;-<\/p>\n<p><strong>Compte-rendu du Conseil d&rsquo;\u00e9cole \u00e9l\u00e9mentaire du 23 juin 2020.<\/strong><\/p>\n<p>Cliquer ici : <span style=\"color: #0000ff;\"><a style=\"color: #0000ff;\" href=\"https:\/\/www.api-colomiers.com\/heleneboucher\/wp-content\/uploads\/2020\/06\/2020-PV-CE-El\u00e9mentaire-Juin20.pdf\" target=\"_blank\" rel=\"attachment noopener wp-att-4481 noreferrer\">2020 PV CE El\u00e9mentaire Juin20<\/a><\/span><\/p>\n<p>&#8212;&#8212;&#8212;&#8212;&#8212;&#8212;&#8212;&#8212;&#8212;&#8212;&#8212;&#8212;&#8212;&#8212;&#8212;&#8212;&#8212;&#8212;&#8212;&#8212;&#8212;&#8212;&#8212;&#8212;&#8212;&#8212;&#8212;&#8212;&#8212;&#8212;-<\/p>\n<p><strong>Compte-rendu du Conseil d&rsquo;\u00e9cole \u00e9l\u00e9mentaire du 16 janvier 2020.<\/strong><\/p>\n<p>Cliquer ici : <span style=\"color: #0000ff;\"><a style=\"color: #0000ff;\" href=\"https:\/\/www.api-colomiers.com\/heleneboucher\/elementaire-2\/2020-pv-ce-elementaire-janv20\/\" rel=\"attachment wp-att-4481\">2020 PV CE El\u00e9mentaire Janv20<\/a><\/span>\u00a0 &#8211;\u00a0 <span style=\"color: #339966;\"><a style=\"color: #339966;\" href=\"https:\/\/www.api-colomiers.com\/heleneboucher\/wp-content\/uploads\/2020\/01\/Resultat_sondage_Elementaire.pdf\">R\u00e9sultats sondage El\u00e9mentaire<\/a><\/span><\/p>\n<p>&#8212;&#8212;&#8212;&#8212;&#8212;&#8212;&#8212;&#8212;&#8212;&#8212;&#8212;&#8212;&#8212;&#8212;&#8212;&#8212;&#8212;&#8212;&#8212;&#8212;&#8212;&#8212;&#8212;&#8212;&#8212;&#8212;&#8212;&#8212;&#8212;&#8212;-<\/p>\n<p><strong>Compte-rendu du Conseil d&rsquo;\u00e9cole \u00e9l\u00e9mentaire du 08 novembre 2019.<\/strong><\/p>\n<p>Cliquer ici :\u00a0<span style=\"color: #0000ff;\"><a style=\"color: #0000ff;\" href=\"https:\/\/www.api-colomiers.com\/heleneboucher\/wp-content\/uploads\/2019\/12\/2019-PV-CE-El\u00e9mentaire-Nov19.pdf\">2019 PV CE El\u00e9mentaire Nov19<\/a><\/span><\/p>\n<p>&#8212;&#8212;&#8212;&#8212;&#8212;&#8212;&#8212;&#8212;&#8212;&#8212;&#8212;&#8212;&#8212;&#8212;&#8212;&#8212;&#8212;&#8212;&#8212;&#8212;&#8212;&#8212;&#8212;&#8212;&#8212;&#8212;&#8212;&#8212;&#8212;&#8212;&#8212;<\/p>\n<p><strong>Voici le compte-rendu du 3e conseil d&rsquo;\u00e9cole \u00e9l\u00e9mentaire (17\/06\/19) :<\/strong><\/p>\n<p><a href=\"https:\/\/www.api-colomiers.com\/heleneboucher\/wp-content\/uploads\/2015\/03\/e\u0301le\u0301mentaireCE3.pdf\">e\u0301le\u0301mentaireCE3<\/a><\/p>\n<p>&#8212;&#8212;&#8212;&#8212;&#8212;&#8212;&#8212;&#8212;&#8212;&#8212;&#8212;&#8212;&#8212;&#8212;&#8212;&#8212;&#8212;&#8212;&#8212;&#8212;&#8212;&#8212;&#8212;&#8212;&#8212;&#8212;&#8212;&#8212;&#8212;&#8212;&#8212;-<\/p>\n<p><strong>Voici le compte-rendu officiel du deuxi\u00e8me conseil de l&rsquo;\u00e9cole \u00e9l\u00e9mentaire (12 mars 2018) :<\/strong><\/p>\n<p><a href=\"https:\/\/www.api-colomiers.com\/heleneboucher\/wp-content\/uploads\/2015\/03\/Proce\u0300s-verbal-CE_12-03-2018.pdf\">Proce\u0300s-verbal-CE_12-03-2018<\/a><\/p>\n<p>&#8212;&#8212;&#8212;&#8212;&#8212;&#8212;&#8212;&#8212;&#8212;&#8212;&#8212;&#8212;&#8212;&#8212;&#8212;&#8212;&#8212;&#8212;&#8212;&#8212;&#8212;&#8212;&#8212;&#8212;&#8212;&#8212;&#8212;&#8212;&#8212;&#8212;&#8212;&#8211;<\/p>\n<p>Voici les lettres d&rsquo;information suite aux conseils d&rsquo;\u00e9cole de l&rsquo;ann\u00e9e 2016-2017<\/p>\n<p><a href=\"https:\/\/www.api-colomiers.com\/heleneboucher\/wp-content\/uploads\/2015\/03\/LI-elem-juin-2017-1.jpg\"><img loading=\"lazy\" decoding=\"async\" class=\"alignnone wp-image-2071 size-large\" src=\"https:\/\/www.api-colomiers.com\/heleneboucher\/wp-content\/uploads\/2015\/03\/LI-elem-juin-2017-1-1024x725.jpg\" alt=\"LI elem juin 2017-1\" width=\"700\" height=\"496\" srcset=\"https:\/\/www.api-colomiers.com\/heleneboucher\/wp-content\/uploads\/2015\/03\/LI-elem-juin-2017-1-1024x725.jpg 1024w, https:\/\/www.api-colomiers.com\/heleneboucher\/wp-content\/uploads\/2015\/03\/LI-elem-juin-2017-1-300x212.jpg 300w, https:\/\/www.api-colomiers.com\/heleneboucher\/wp-content\/uploads\/2015\/03\/LI-elem-juin-2017-1-600x425.jpg 600w, https:\/\/www.api-colomiers.com\/heleneboucher\/wp-content\/uploads\/2015\/03\/LI-elem-juin-2017-1.jpg 1754w\" sizes=\"auto, (max-width: 700px) 100vw, 700px\" \/><\/a> <a href=\"https:\/\/www.api-colomiers.com\/heleneboucher\/wp-content\/uploads\/2015\/03\/LI-elem-juin-2017-2.jpg\"><img loading=\"lazy\" decoding=\"async\" class=\"alignnone wp-image-2072 size-large\" src=\"https:\/\/www.api-colomiers.com\/heleneboucher\/wp-content\/uploads\/2015\/03\/LI-elem-juin-2017-2-1024x725.jpg\" alt=\"LI elem juin 2017-2\" width=\"700\" height=\"496\" srcset=\"https:\/\/www.api-colomiers.com\/heleneboucher\/wp-content\/uploads\/2015\/03\/LI-elem-juin-2017-2-1024x725.jpg 1024w, https:\/\/www.api-colomiers.com\/heleneboucher\/wp-content\/uploads\/2015\/03\/LI-elem-juin-2017-2-300x212.jpg 300w, https:\/\/www.api-colomiers.com\/heleneboucher\/wp-content\/uploads\/2015\/03\/LI-elem-juin-2017-2-600x425.jpg 600w, https:\/\/www.api-colomiers.com\/heleneboucher\/wp-content\/uploads\/2015\/03\/LI-elem-juin-2017-2.jpg 1754w\" sizes=\"auto, (max-width: 700px) 100vw, 700px\" \/><\/a><\/p>\n<p><a href=\"https:\/\/www.api-colomiers.com\/heleneboucher\/wp-content\/uploads\/2015\/03\/LI-elem-1603-1.jpg\"><img loading=\"lazy\" decoding=\"async\" class=\"alignnone wp-image-2069 size-large\" src=\"https:\/\/www.api-colomiers.com\/heleneboucher\/wp-content\/uploads\/2015\/03\/LI-elem-1603-1-1024x725.jpg\" alt=\"LI elem 16:03-1\" width=\"700\" height=\"496\" srcset=\"https:\/\/www.api-colomiers.com\/heleneboucher\/wp-content\/uploads\/2015\/03\/LI-elem-1603-1-1024x725.jpg 1024w, https:\/\/www.api-colomiers.com\/heleneboucher\/wp-content\/uploads\/2015\/03\/LI-elem-1603-1-300x212.jpg 300w, https:\/\/www.api-colomiers.com\/heleneboucher\/wp-content\/uploads\/2015\/03\/LI-elem-1603-1-600x425.jpg 600w, https:\/\/www.api-colomiers.com\/heleneboucher\/wp-content\/uploads\/2015\/03\/LI-elem-1603-1.jpg 1754w\" sizes=\"auto, (max-width: 700px) 100vw, 700px\" \/><\/a> <a href=\"https:\/\/www.api-colomiers.com\/heleneboucher\/wp-content\/uploads\/2015\/03\/LI-elem-1603-2.jpg\"><img loading=\"lazy\" decoding=\"async\" class=\"alignnone wp-image-2070 size-large\" src=\"https:\/\/www.api-colomiers.com\/heleneboucher\/wp-content\/uploads\/2015\/03\/LI-elem-1603-2-1024x725.jpg\" alt=\"LI elem 16:03-2\" width=\"700\" height=\"496\" srcset=\"https:\/\/www.api-colomiers.com\/heleneboucher\/wp-content\/uploads\/2015\/03\/LI-elem-1603-2-1024x725.jpg 1024w, https:\/\/www.api-colomiers.com\/heleneboucher\/wp-content\/uploads\/2015\/03\/LI-elem-1603-2-300x212.jpg 300w, https:\/\/www.api-colomiers.com\/heleneboucher\/wp-content\/uploads\/2015\/03\/LI-elem-1603-2-600x425.jpg 600w, https:\/\/www.api-colomiers.com\/heleneboucher\/wp-content\/uploads\/2015\/03\/LI-elem-1603-2.jpg 1754w\" sizes=\"auto, (max-width: 700px) 100vw, 700px\" \/><\/a><\/p>\n<\/div>\n<p><a href=\"https:\/\/www.api-colomiers.com\/heleneboucher\/wp-content\/uploads\/2015\/03\/LI-elem1.jpg\"><img loading=\"lazy\" decoding=\"async\" class=\" wp-image-1495 size-large alignleft\" src=\"https:\/\/www.api-colomiers.com\/heleneboucher\/wp-content\/uploads\/2015\/03\/LI-elem1-1024x725.jpg\" alt=\"li-elem1\" width=\"700\" height=\"496\" srcset=\"https:\/\/www.api-colomiers.com\/heleneboucher\/wp-content\/uploads\/2015\/03\/LI-elem1-1024x725.jpg 1024w, https:\/\/www.api-colomiers.com\/heleneboucher\/wp-content\/uploads\/2015\/03\/LI-elem1-300x212.jpg 300w, https:\/\/www.api-colomiers.com\/heleneboucher\/wp-content\/uploads\/2015\/03\/LI-elem1-600x425.jpg 600w, https:\/\/www.api-colomiers.com\/heleneboucher\/wp-content\/uploads\/2015\/03\/LI-elem1.jpg 1754w\" sizes=\"auto, (max-width: 700px) 100vw, 700px\" \/><\/a> <a href=\"https:\/\/www.api-colomiers.com\/heleneboucher\/wp-content\/uploads\/2015\/03\/LI-elem2.jpg\"><img loading=\"lazy\" decoding=\"async\" class=\" wp-image-1496 size-large alignleft\" src=\"https:\/\/www.api-colomiers.com\/heleneboucher\/wp-content\/uploads\/2015\/03\/LI-elem2-1024x725.jpg\" alt=\"li-elem2\" width=\"700\" height=\"496\" srcset=\"https:\/\/www.api-colomiers.com\/heleneboucher\/wp-content\/uploads\/2015\/03\/LI-elem2-1024x725.jpg 1024w, https:\/\/www.api-colomiers.com\/heleneboucher\/wp-content\/uploads\/2015\/03\/LI-elem2-300x212.jpg 300w, https:\/\/www.api-colomiers.com\/heleneboucher\/wp-content\/uploads\/2015\/03\/LI-elem2-600x425.jpg 600w, https:\/\/www.api-colomiers.com\/heleneboucher\/wp-content\/uploads\/2015\/03\/LI-elem2.jpg 1754w\" sizes=\"auto, (max-width: 700px) 100vw, 700px\" \/><\/a><\/p>\n<p>Vous trouverez ci-dessous les lettres d&rsquo;info de l&rsquo;ann\u00e9e scolaire pr\u00e9c\u00e9dente :<\/p>\n<div class=\"entry-content clearfix\">\n<p><a href=\"https:\/\/www.api-colomiers.com\/heleneboucher\/wp-content\/uploads\/2016\/06\/LI3-elem1.jpg\"><img loading=\"lazy\" decoding=\"async\" class=\"alignnone wp-image-1081 size-large\" src=\"https:\/\/www.api-colomiers.com\/heleneboucher\/wp-content\/uploads\/2016\/06\/LI3-elem1-1024x725.jpg\" alt=\"LI3-elem1\" width=\"700\" height=\"496\" srcset=\"https:\/\/www.api-colomiers.com\/heleneboucher\/wp-content\/uploads\/2016\/06\/LI3-elem1-1024x725.jpg 1024w, https:\/\/www.api-colomiers.com\/heleneboucher\/wp-content\/uploads\/2016\/06\/LI3-elem1-300x212.jpg 300w, https:\/\/www.api-colomiers.com\/heleneboucher\/wp-content\/uploads\/2016\/06\/LI3-elem1-600x425.jpg 600w, https:\/\/www.api-colomiers.com\/heleneboucher\/wp-content\/uploads\/2016\/06\/LI3-elem1.jpg 1754w\" sizes=\"auto, (max-width: 700px) 100vw, 700px\" \/><\/a><a href=\"https:\/\/www.api-colomiers.com\/heleneboucher\/wp-content\/uploads\/2016\/06\/LI3-elem2.jpg\"><img loading=\"lazy\" decoding=\"async\" class=\"alignnone wp-image-1082 size-large\" src=\"https:\/\/www.api-colomiers.com\/heleneboucher\/wp-content\/uploads\/2016\/06\/LI3-elem2-1024x725.jpg\" alt=\"LI3-elem2\" width=\"700\" height=\"496\" srcset=\"https:\/\/www.api-colomiers.com\/heleneboucher\/wp-content\/uploads\/2016\/06\/LI3-elem2-1024x725.jpg 1024w, https:\/\/www.api-colomiers.com\/heleneboucher\/wp-content\/uploads\/2016\/06\/LI3-elem2-300x212.jpg 300w, https:\/\/www.api-colomiers.com\/heleneboucher\/wp-content\/uploads\/2016\/06\/LI3-elem2-600x425.jpg 600w, https:\/\/www.api-colomiers.com\/heleneboucher\/wp-content\/uploads\/2016\/06\/LI3-elem2.jpg 1754w\" sizes=\"auto, (max-width: 700px) 100vw, 700px\" \/><\/a><\/p>\n<p>Voici la lettre d&rsquo;information suite au deuxi\u00e8me conseil d&rsquo;\u00e9cole (5\/02\/16) :<\/p>\n<p><a href=\"https:\/\/www.api-colomiers.com\/heleneboucher\/wp-content\/uploads\/2015\/03\/Li2-elem1.jpg\"><img loading=\"lazy\" decoding=\"async\" class=\"alignnone wp-image-566 size-large\" src=\"https:\/\/www.api-colomiers.com\/heleneboucher\/wp-content\/uploads\/2015\/03\/Li2-elem1-1024x725.jpg\" alt=\"Li2-elem1\" width=\"700\" height=\"496\" srcset=\"https:\/\/www.api-colomiers.com\/heleneboucher\/wp-content\/uploads\/2015\/03\/Li2-elem1-1024x725.jpg 1024w, https:\/\/www.api-colomiers.com\/heleneboucher\/wp-content\/uploads\/2015\/03\/Li2-elem1-300x212.jpg 300w, https:\/\/www.api-colomiers.com\/heleneboucher\/wp-content\/uploads\/2015\/03\/Li2-elem1-600x425.jpg 600w, https:\/\/www.api-colomiers.com\/heleneboucher\/wp-content\/uploads\/2015\/03\/Li2-elem1.jpg 1754w\" sizes=\"auto, (max-width: 700px) 100vw, 700px\" \/><\/a><a href=\"https:\/\/www.api-colomiers.com\/heleneboucher\/wp-content\/uploads\/2015\/03\/Li2-elem.jpg\"><img loading=\"lazy\" decoding=\"async\" class=\"alignnone wp-image-567 size-large\" src=\"https:\/\/www.api-colomiers.com\/heleneboucher\/wp-content\/uploads\/2015\/03\/Li2-elem-1024x725.jpg\" alt=\"Li2-elem\" width=\"700\" height=\"496\" srcset=\"https:\/\/www.api-colomiers.com\/heleneboucher\/wp-content\/uploads\/2015\/03\/Li2-elem-1024x725.jpg 1024w, https:\/\/www.api-colomiers.com\/heleneboucher\/wp-content\/uploads\/2015\/03\/Li2-elem-300x212.jpg 300w, https:\/\/www.api-colomiers.com\/heleneboucher\/wp-content\/uploads\/2015\/03\/Li2-elem-600x425.jpg 600w, https:\/\/www.api-colomiers.com\/heleneboucher\/wp-content\/uploads\/2015\/03\/Li2-elem.jpg 1754w\" sizes=\"auto, (max-width: 700px) 100vw, 700px\" \/><\/a><\/p>\n<p>Voici la lettre d\u2019information suite au premier conseil d\u2019\u00e9cole (17\/11\/15) :<\/p>\n<p><a href=\"https:\/\/www.api-colomiers.com\/heleneboucher\/wp-content\/uploads\/2015\/03\/LI-def1714151.jpg\"><img loading=\"lazy\" decoding=\"async\" class=\"alignnone wp-image-464 size-large\" src=\"https:\/\/www.api-colomiers.com\/heleneboucher\/wp-content\/uploads\/2015\/03\/LI-def1714151-1024x725.jpg\" alt=\"LI-def17:14:151\" width=\"700\" height=\"496\" srcset=\"https:\/\/www.api-colomiers.com\/heleneboucher\/wp-content\/uploads\/2015\/03\/LI-def1714151-1024x725.jpg 1024w, https:\/\/www.api-colomiers.com\/heleneboucher\/wp-content\/uploads\/2015\/03\/LI-def1714151-300x212.jpg 300w, https:\/\/www.api-colomiers.com\/heleneboucher\/wp-content\/uploads\/2015\/03\/LI-def1714151-600x425.jpg 600w, https:\/\/www.api-colomiers.com\/heleneboucher\/wp-content\/uploads\/2015\/03\/LI-def1714151.jpg 1754w\" sizes=\"auto, (max-width: 700px) 100vw, 700px\" \/><\/a><\/p>\n<\/div>\n<\/article>\n<p><a href=\"https:\/\/www.api-colomiers.com\/heleneboucher\/wp-content\/uploads\/2015\/03\/LI-171415.jpg\"><img loading=\"lazy\" decoding=\"async\" class=\" wp-image-465 size-large alignleft\" src=\"https:\/\/www.api-colomiers.com\/heleneboucher\/wp-content\/uploads\/2015\/03\/LI-171415-1024x725.jpg\" alt=\"LI-17:14:15\" width=\"700\" height=\"496\" srcset=\"https:\/\/www.api-colomiers.com\/heleneboucher\/wp-content\/uploads\/2015\/03\/LI-171415-1024x725.jpg 1024w, https:\/\/www.api-colomiers.com\/heleneboucher\/wp-content\/uploads\/2015\/03\/LI-171415-300x212.jpg 300w, https:\/\/www.api-colomiers.com\/heleneboucher\/wp-content\/uploads\/2015\/03\/LI-171415-600x425.jpg 600w, https:\/\/www.api-colomiers.com\/heleneboucher\/wp-content\/uploads\/2015\/03\/LI-171415.jpg 1754w\" sizes=\"auto, (max-width: 700px) 100vw, 700px\" \/><\/a><\/p>\n<\/div>\n<\/div>\n<\/div>\n<\/div>\n<p>Voici le compte-rendu de la r\u00e9union d&rsquo;information ALAE du 2\/10\/15 :<\/p>\n<p><a href=\"https:\/\/www.api-colomiers.com\/heleneboucher\/wp-content\/uploads\/2015\/03\/CR-alae-elem2015.jpg\"><img loading=\"lazy\" decoding=\"async\" class=\"alignnone wp-image-324 size-large\" src=\"https:\/\/www.api-colomiers.com\/heleneboucher\/wp-content\/uploads\/2015\/03\/CR-alae-elem2015-1024x725.jpg\" alt=\"CR alae elem2015\" width=\"700\" height=\"496\" srcset=\"https:\/\/www.api-colomiers.com\/heleneboucher\/wp-content\/uploads\/2015\/03\/CR-alae-elem2015-1024x725.jpg 1024w, https:\/\/www.api-colomiers.com\/heleneboucher\/wp-content\/uploads\/2015\/03\/CR-alae-elem2015-300x212.jpg 300w, https:\/\/www.api-colomiers.com\/heleneboucher\/wp-content\/uploads\/2015\/03\/CR-alae-elem2015.jpg 1754w\" sizes=\"auto, (max-width: 700px) 100vw, 700px\" \/><\/a><\/p>\n<p><a href=\"https:\/\/www.api-colomiers.com\/heleneboucher\/wp-content\/uploads\/2015\/03\/CR-alae-elem2.jpg\"><img loading=\"lazy\" decoding=\"async\" class=\"alignnone size-large wp-image-322\" src=\"https:\/\/www.api-colomiers.com\/heleneboucher\/wp-content\/uploads\/2015\/03\/CR-alae-elem2-1024x725.jpg\" alt=\"CR alae elem2\" width=\"700\" height=\"496\" srcset=\"https:\/\/www.api-colomiers.com\/heleneboucher\/wp-content\/uploads\/2015\/03\/CR-alae-elem2-1024x725.jpg 1024w, https:\/\/www.api-colomiers.com\/heleneboucher\/wp-content\/uploads\/2015\/03\/CR-alae-elem2-300x212.jpg 300w, https:\/\/www.api-colomiers.com\/heleneboucher\/wp-content\/uploads\/2015\/03\/CR-alae-elem2.jpg 1754w\" sizes=\"auto, (max-width: 700px) 100vw, 700px\" \/><\/a><\/p>\n<p>Vous pouvez consulter les lettres d&rsquo;informations r\u00e9dig\u00e9es suite aux Conseils d&rsquo;\u00e9cole et le compte-rendu de la r\u00e9union avec l&rsquo;ALAE de l&rsquo;ann\u00e9e pr\u00e9c\u00e9dente :<\/p>\n<p><a href=\"http:\/\/api-colomiers.com\/heleneboucher\/wp-content\/uploads\/2015\/03\/CR-alae-elementaire2015.pdf\">CR alae-elementaire2015<\/a><\/p>\n<p><a href=\"http:\/\/api-colomiers.com\/heleneboucher\/wp-content\/uploads\/2015\/03\/CR-CE-1114.pdf\">CR CE 11:14<\/a><\/p>\n<p><a href=\"http:\/\/api-colomiers.com\/heleneboucher\/wp-content\/uploads\/2015\/03\/CR-CE-0315.pdf\">CR CE 03:15<\/a><\/p>\n<p><a href=\"http:\/\/api-colomiers.com\/heleneboucher\/wp-content\/uploads\/2015\/03\/CR-CE-0606.pdf\">CR CE 06:06<\/a><\/p>\n\n","protected":false},"excerpt":{"rendered":"<p>Primaire (Maternelle et El\u00e9mentaire):\u00a0 Compte-rendu du Conseil d&rsquo;\u00e9cole \u00e9l\u00e9mentaire du 16 F\u00e9vrier 2026. Cliquer ici : PV CE2 Primaire 16 f\u00e9vrier 2026 &#8212;&#8212;&#8212;&#8212;&#8212;&#8212;&#8212;&#8212;&#8212;&#8212;&#8212;&#8212;&#8212;&#8212;&#8212;&#8212;&#8212;&#8212;&#8212;&#8212;&#8212;&#8212;&#8212;&#8212;&#8212;&#8212;&#8212;&#8212;&#8212;&#8212;- Primaire (Maternelle et El\u00e9mentaire)\u00a0:\u00a0 Compte-rendu du Conseil d&rsquo;\u00e9cole \u00e9l\u00e9mentaire du 14 Octobre 2025. Cliquer ici : PV<\/p>\n","protected":false},"author":2,"featured_media":0,"parent":0,"menu_order":0,"comment_status":"closed","ping_status":"closed","template":"","meta":{"footnotes":""},"class_list":["post-102","page","type-page","status-publish","hentry"],"_links":{"self":[{"href":"https:\/\/www.api-colomiers.com\/heleneboucher\/wp-json\/wp\/v2\/pages\/102","targetHints":{"allow":["GET"]}}],"collection":[{"href":"https:\/\/www.api-colomiers.com\/heleneboucher\/wp-json\/wp\/v2\/pages"}],"about":[{"href":"https:\/\/www.api-colomiers.com\/heleneboucher\/wp-json\/wp\/v2\/types\/page"}],"author":[{"embeddable":true,"href":"https:\/\/www.api-colomiers.com\/heleneboucher\/wp-json\/wp\/v2\/users\/2"}],"replies":[{"embeddable":true,"href":"https:\/\/www.api-colomiers.com\/heleneboucher\/wp-json\/wp\/v2\/comments?post=102"}],"version-history":[{"count":20,"href":"https:\/\/www.api-colomiers.com\/heleneboucher\/wp-json\/wp\/v2\/pages\/102\/revisions"}],"predecessor-version":[{"id":10831,"href":"https:\/\/www.api-colomiers.com\/heleneboucher\/wp-json\/wp\/v2\/pages\/102\/revisions\/10831"}],"wp:attachment":[{"href":"https:\/\/www.api-colomiers.com\/heleneboucher\/wp-json\/wp\/v2\/media?parent=102"}],"curies":[{"name":"wp","href":"https:\/\/api.w.org\/{rel}","templated":true}]}}